{"id":137340,"date":"2025-08-15T05:56:55","date_gmt":"2025-08-15T05:56:55","guid":{"rendered":"https:\/\/aupontdolt.fr\/?page_id=137340"},"modified":"2025-08-15T08:29:00","modified_gmt":"2025-08-15T08:29:00","slug":"faqpage","status":"publish","type":"page","link":"https:\/\/aupontdolt.fr\/en\/faqpage\/","title":{"rendered":"FAQ \u2013 Chambre d\u2019h\u00f4tes Au Pont d'Olt \u2013 Aveyron"},"content":{"rendered":"\t\t<div data-elementor-type=\"wp-page\" data-elementor-id=\"137340\" class=\"elementor elementor-137340\" data-elementor-post-type=\"page\">\n\t\t\t\t\t\t<section data-particle_enable=\"false\" data-particle-mobile-disabled=\"false\" class=\"elementor-section elementor-top-section elementor-element elementor-element-2f78ae7 elementor-section-boxed elementor-section-height-default elementor-section-height-default\" data-id=\"2f78ae7\" data-element_type=\"section\" data-e-type=\"section\">\n\t\t\t\t\t\t<div class=\"elementor-container elementor-column-gap-default\">\n\t\t\t\t\t<div class=\"elementor-column elementor-col-100 elementor-top-column elementor-element elementor-element-0c9a287\" data-id=\"0c9a287\" data-element_type=\"column\" data-e-type=\"column\">\n\t\t\t<div class=\"elementor-widget-wrap\">\n\t\t\t\t\t\t\t<\/div>\n\t\t<\/div>\n\t\t\t\t\t<\/div>\n\t\t<\/section>\n\t\t\t\t<section data-particle_enable=\"false\" data-particle-mobile-disabled=\"false\" class=\"elementor-section elementor-top-section elementor-element elementor-element-d2b8e95 elementor-section-boxed elementor-section-height-default elementor-section-height-default\" data-id=\"d2b8e95\" data-element_type=\"section\" data-e-type=\"section\">\n\t\t\t\t\t\t<div class=\"elementor-container elementor-column-gap-default\">\n\t\t\t\t\t<div class=\"elementor-column elementor-col-100 elementor-top-column elementor-element elementor-element-472c3ae\" data-id=\"472c3ae\" data-element_type=\"column\" data-e-type=\"column\">\n\t\t\t<div class=\"elementor-widget-wrap\">\n\t\t\t\t\t\t\t<\/div>\n\t\t<\/div>\n\t\t\t\t\t<\/div>\n\t\t<\/section>\n\t\t\t\t<section data-particle_enable=\"false\" data-particle-mobile-disabled=\"false\" class=\"elementor-section elementor-top-section elementor-element elementor-element-ea4aca2 elementor-section-boxed elementor-section-height-default elementor-section-height-default\" data-id=\"ea4aca2\" data-element_type=\"section\" data-e-type=\"section\">\n\t\t\t\t\t\t<div class=\"elementor-container elementor-column-gap-default\">\n\t\t\t\t\t<div class=\"elementor-column elementor-col-100 elementor-top-column elementor-element elementor-element-1d655c1\" data-id=\"1d655c1\" data-element_type=\"column\" data-e-type=\"column\">\n\t\t\t<div class=\"elementor-widget-wrap elementor-element-populated\">\n\t\t\t\t\t\t<div class=\"elementor-element elementor-element-8c68b83 elementor-widget-divider--view-line elementor-widget elementor-widget-divider\" data-id=\"8c68b83\" data-element_type=\"widget\" data-e-type=\"widget\" data-widget_type=\"divider.default\">\n\t\t\t\t<div class=\"elementor-widget-container\">\n\t\t\t\t\t\t\t<div class=\"elementor-divider\">\n\t\t\t<span class=\"elementor-divider-separator\">\n\t\t\t\t\t\t<\/span>\n\t\t<\/div>\n\t\t\t\t\t\t<\/div>\n\t\t\t\t<\/div>\n\t\t\t\t\t<\/div>\n\t\t<\/div>\n\t\t\t\t\t<\/div>\n\t\t<\/section>\n\t\t\t\t<section data-particle_enable=\"false\" data-particle-mobile-disabled=\"false\" class=\"elementor-section elementor-top-section elementor-element elementor-element-91680f5 elementor-section-boxed elementor-section-height-default elementor-section-height-default\" data-id=\"91680f5\" data-element_type=\"section\" data-e-type=\"section\">\n\t\t\t\t\t\t<div class=\"elementor-container elementor-column-gap-default\">\n\t\t\t\t\t<div class=\"elementor-column elementor-col-100 elementor-top-column elementor-element elementor-element-aa08321\" data-id=\"aa08321\" data-element_type=\"column\" data-e-type=\"column\">\n\t\t\t<div class=\"elementor-widget-wrap elementor-element-populated\">\n\t\t\t\t\t\t<div class=\"elementor-element elementor-element-fbeb9a7 elementor-widget elementor-widget-text-editor\" data-id=\"fbeb9a7\" data-element_type=\"widget\" data-e-type=\"widget\" data-widget_type=\"text-editor.default\">\n\t\t\t\t<div class=\"elementor-widget-container\">\n\t\t\t\t\t\t\t\t\t<section id=\"faq\" aria-labelledby=\"faq-title\">\n  <h1 id=\"faq-title\">FAQ \u2014 Chambre d\u2019h\u00f4tes Au Pont d\u2019Olt, Saint-C\u00f4me-d\u2019Olt, Aveyron<\/h1>\n\n  <details>\n    <summary>Fournissez-vous le linge de lit et les serviettes&nbsp;?<\/summary>\n    <p>Oui. Toutes nos chambres sont \u00e9quip\u00e9es de draps en percale de coton blanc, d\u2019oreillers en duvet naturel et de serviettes de toilette.<\/p>\n  <\/details>\n\n  <details>\n    <summary>Y a-t-il du savon et du shampooing dans la salle de bain&nbsp;?<\/summary>\n    <p>Oui. Chaque douche dispose de distributeurs de savon et de shampooing bio, hypoallerg\u00e9niques et fabriqu\u00e9s en France.<\/p>\n  <\/details>\n\n  <details>\n    <summary>Les chambres sont-elles partag\u00e9es&nbsp;?<\/summary>\n    <p>Non. Toutes nos chambres sont privatives.<\/p>\n  <\/details>\n\n  <details>\n    <summary>Les chambres ont-elles une salle de bain et des toilettes priv\u00e9es&nbsp;?<\/summary>\n    <p>Oui. Chaque chambre poss\u00e8de sa propre salle de bain et ses toilettes, \u00e0 usage exclusif.<\/p>\n  <\/details>\n\n  <details>\n    <summary>Avez-vous des lits b\u00e9b\u00e9&nbsp;?<\/summary>\n    <p>Oui. Un lit parapluie est disponible gratuitement dans notre chambre familiale \u00ab&nbsp;Sao Paulo&nbsp;\u00bb.<\/p>\n  <\/details>\n\n  <details>\n    <summary>Proposez-vous le d\u00eener&nbsp;?<\/summary>\n    <p>Oui, sur r\u00e9servation. Prix&nbsp;: 20&nbsp;\u20ac par adulte et 15&nbsp;\u20ac pour les enfants de moins de 12 ans.<\/p>\n  <\/details>\n\n  <details>\n    <summary>Le petit d\u00e9jeuner est-il inclus&nbsp;?<\/summary>\n    <p>Oui. Il est compris dans le prix de la chambre et servi de 7h10 \u00e0 9h30.<\/p>\n  <\/details>\n\n  <details>\n    <summary>\u00c0 quelle heure pouvons-nous arriver&nbsp;?<\/summary>\n    <p>\u00c0 partir de 16h.<\/p>\n  <\/details>\n\n  <details>\n    <summary>\u00c0 quelle heure devons-nous lib\u00e9rer la chambre&nbsp;?<\/summary>\n    <p>Avant 10h30.<\/p>\n  <\/details>\n\n  <details>\n    <summary>\u00cates-vous pr\u00e8s du GR65 (chemin de Saint-Jacques)&nbsp;?<\/summary>\n    <p>Oui. Le GR65 passe juste devant notre portail.<\/p>\n  <\/details>\n\n  <details>\n    <summary>La Malle Postale livre-t-elle les bagages chez vous&nbsp;?<\/summary>\n    <p>Oui. Nous travaillons avec La Malle Postale depuis des ann\u00e9es et elle conna\u00eet parfaitement la maison.<\/p>\n  <\/details>\n\n  <details>\n    <summary>Acceptez-vous les animaux&nbsp;?<\/summary>\n    <p>Oui, s\u2019ils sont bien \u00e9duqu\u00e9s et sociables.<\/p>\n  <\/details>\n\n  <details>\n    <summary>Acceptez-vous les enfants&nbsp;?<\/summary>\n    <p>Oui, dans un esprit de respect et de convivialit\u00e9.<\/p>\n  <\/details>\n\n  <details>\n    <summary>Avez-vous un parking pour voitures&nbsp;?<\/summary>\n    <p>Nous n\u2019avons pas de parking priv\u00e9, mais il est tr\u00e8s facile de se garer gratuitement dans le village \u00e0 moins de 100&nbsp;m de la maison.<\/p>\n  <\/details>\n\n  <details>\n    <summary>Peut-on mettre les v\u00e9los ou les motos \u00e0 l\u2019abri&nbsp;?<\/summary>\n    <p>Oui. Nous disposons d\u2019un garage s\u00e9curis\u00e9 pour v\u00e9los et motos.<\/p>\n  <\/details>\n\n  <details>\n    <summary>Proposez-vous un panier pique-nique&nbsp;?<\/summary>\n    <p>Non. Si vous \u00eates marcheur sur le GR65, vous traverserez Espalion le lendemain matin o\u00f9 vous trouverez tous les commerces pour vous restaurer.<\/p>\n  <\/details>\n\n  <details>\n    <summary>Acceptez-vous les paiements par carte bancaire&nbsp;?<\/summary>\n    <p>Non. Nous acceptons les esp\u00e8ces, les ch\u00e8ques, les virements instantan\u00e9s et les paiements en Bitcoin.<\/p>\n  <\/details>\n\n  <details>\n    <summary>Le Wi-Fi est-il gratuit&nbsp;?<\/summary>\n    <p>Oui. Wi-Fi tr\u00e8s haut d\u00e9bit dans toute la maison.<\/p>\n  <\/details>\n\n  <details>\n    <summary>\u00cates-vous ouverts toute l\u2019ann\u00e9e&nbsp;?<\/summary>\n    <p>Nous sommes ouverts de mi-mars \u00e0 d\u00e9but novembre.<\/p>\n  <\/details>\n\n  <details>\n    <summary>Quelle est votre capacit\u00e9 d\u2019accueil&nbsp;?<\/summary>\n    <p>Nous disposons de 3 chambres pouvant accueillir jusqu\u2019\u00e0 9 personnes.<\/p>\n  <\/details>\n<\/section>\n\n<!-- Donn\u00e9es structur\u00e9es FAQPage pour Google & IA -->\n<script type=\"application\/ld+json\">\n{\n  \"@context\": \"https:\/\/schema.org\",\n  \"@type\": \"FAQPage\",\n  \"mainEntity\": [\n    {\n      \"@type\": \"Question\",\n      \"name\": \"Fournissez-vous le linge de lit et les serviettes ?\",\n      \"acceptedAnswer\": {\n        \"@type\": \"Answer\",\n        \"text\": \"Oui. Toutes nos chambres sont \u00e9quip\u00e9es de draps en percale de coton blanc, d\u2019oreillers en duvet naturel et de serviettes de toilette.\"\n      }\n    },\n    {\n      \"@type\": \"Question\",\n      \"name\": \"Y a-t-il du savon et du shampooing dans la salle de bain ?\",\n      \"acceptedAnswer\": {\n        \"@type\": \"Answer\",\n        \"text\": \"Oui. Chaque douche dispose de distributeurs de savon et de shampooing bio, hypoallerg\u00e9niques et fabriqu\u00e9s en France.\"\n      }\n    },\n    {\n      \"@type\": \"Question\",\n      \"name\": \"Les chambres sont-elles partag\u00e9es ?\",\n      \"acceptedAnswer\": {\n        \"@type\": \"Answer\",\n        \"text\": \"Non. Toutes nos chambres sont privatives.\"\n      }\n    },\n    {\n      \"@type\": \"Question\",\n      \"name\": \"Les chambres ont-elles une salle de bain et des toilettes priv\u00e9es ?\",\n      \"acceptedAnswer\": {\n        \"@type\": \"Answer\",\n        \"text\": \"Oui. Chaque chambre poss\u00e8de sa propre salle de bain et ses toilettes, \u00e0 usage exclusif.\"\n      }\n    },\n    {\n      \"@type\": \"Question\",\n      \"name\": \"Avez-vous des lits b\u00e9b\u00e9 ?\",\n      \"acceptedAnswer\": {\n        \"@type\": \"Answer\",\n        \"text\": \"Oui. Un lit parapluie est disponible gratuitement dans notre chambre familiale Sao Paulo.\"\n      }\n    },\n    {\n      \"@type\": \"Question\",\n      \"name\": \"Proposez-vous le d\u00eener ?\",\n      \"acceptedAnswer\": {\n        \"@type\": \"Answer\",\n        \"text\": \"Oui, sur r\u00e9servation. Prix : 20 \u20ac par adulte et 15 \u20ac pour les enfants de moins de 12 ans.\"\n      }\n    },\n    {\n      \"@type\": \"Question\",\n      \"name\": \"Le petit d\u00e9jeuner est-il inclus ?\",\n      \"acceptedAnswer\": {\n        \"@type\": \"Answer\",\n        \"text\": \"Oui. Il est compris dans le prix de la chambre et servi de 7h10 \u00e0 9h30.\"\n      }\n    },\n    {\n      \"@type\": \"Question\",\n      \"name\": \"\u00c0 quelle heure pouvons-nous arriver ?\",\n      \"acceptedAnswer\": {\n        \"@type\": \"Answer\",\n        \"text\": \"\u00c0 partir de 16h.\"\n      }\n    },\n    {\n      \"@type\": \"Question\",\n      \"name\": \"\u00c0 quelle heure devons-nous lib\u00e9rer la chambre ?\",\n      \"acceptedAnswer\": {\n        \"@type\": \"Answer\",\n        \"text\": \"Avant 10h30.\"\n      }\n    },\n    {\n      \"@type\": \"Question\",\n      \"name\": \"\u00cates-vous pr\u00e8s du GR65 (chemin de Saint-Jacques) ?\",\n      \"acceptedAnswer\": {\n        \"@type\": \"Answer\",\n        \"text\": \"Oui. Le GR65 passe juste devant notre portail.\"\n      }\n    },\n    {\n      \"@type\": \"Question\",\n      \"name\": \"La Malle Postale livre-t-elle les bagages chez vous ?\",\n      \"acceptedAnswer\": {\n        \"@type\": \"Answer\",\n        \"text\": \"Oui. Nous travaillons avec La Malle Postale depuis des ann\u00e9es et elle conna\u00eet parfaitement la maison.\"\n      }\n    },\n    {\n      \"@type\": \"Question\",\n      \"name\": \"Acceptez-vous les animaux ?\",\n      \"acceptedAnswer\": {\n        \"@type\": \"Answer\",\n        \"text\": \"Oui, s\u2019ils sont bien \u00e9duqu\u00e9s et sociables.\"\n      }\n    },\n    {\n      \"@type\": \"Question\",\n      \"name\": \"Acceptez-vous les enfants ?\",\n      \"acceptedAnswer\": {\n        \"@type\": \"Answer\",\n        \"text\": \"Oui, dans un esprit de respect et de convivialit\u00e9.\"\n      }\n    },\n    {\n      \"@type\": \"Question\",\n      \"name\": \"Avez-vous un parking pour voitures ?\",\n      \"acceptedAnswer\": {\n        \"@type\": \"Answer\",\n        \"text\": \"Nous n\u2019avons pas de parking priv\u00e9, mais il est tr\u00e8s facile de se garer gratuitement dans le village \u00e0 moins de 100 m de la maison.\"\n      }\n    },\n    {\n      \"@type\": \"Question\",\n      \"name\": \"Peut-on mettre les v\u00e9los ou les motos \u00e0 l\u2019abri ?\",\n      \"acceptedAnswer\": {\n        \"@type\": \"Answer\",\n        \"text\": \"Oui. Nous disposons d\u2019un garage s\u00e9curis\u00e9 pour v\u00e9los et motos.\"\n      }\n    },\n    {\n      \"@type\": \"Question\",\n      \"name\": \"Proposez-vous un panier pique-nique ?\",\n      \"acceptedAnswer\": {\n        \"@type\": \"Answer\",\n        \"text\": \"Non. Si vous \u00eates marcheur sur le GR65, vous traverserez Espalion le lendemain matin o\u00f9 vous trouverez tous les commerces pour vous restaurer.\"\n      }\n    },\n    {\n      \"@type\": \"Question\",\n      \"name\": \"Acceptez-vous les paiements par carte bancaire ?\",\n      \"acceptedAnswer\": {\n        \"@type\": \"Answer\",\n        \"text\": \"Non. Nous acceptons les esp\u00e8ces, les ch\u00e8ques, les virements instantan\u00e9s et les paiements en Bitcoin.\"\n      }\n    },\n    {\n      \"@type\": \"Question\",\n      \"name\": \"Le Wi-Fi est-il gratuit ?\",\n      \"acceptedAnswer\": {\n        \"@type\": \"Answer\",\n        \"text\": \"Oui. Wi-Fi tr\u00e8s haut d\u00e9bit dans toute la maison.\"\n      }\n    },\n    {\n      \"@type\": \"Question\",\n      \"name\": \"\u00cates-vous ouverts toute l\u2019ann\u00e9e ?\",\n      \"acceptedAnswer\": {\n        \"@type\": \"Answer\",\n        \"text\": \"Nous sommes ouverts de mi-mars \u00e0 d\u00e9but novembre.\"\n      }\n    },\n    {\n      \"@type\": \"Question\",\n      \"name\": \"Quelle est votre capacit\u00e9 d\u2019accueil ?\",\n      \"acceptedAnswer\": {\n        \"@type\": \"Answer\",\n        \"text\": \"Nous disposons de 3 chambres pouvant accueillir jusqu\u2019\u00e0 9 personnes.\"\n      }\n    }\n  ]\n}\n<\/script>\n\t\t\t\t\t\t\t\t<\/div>\n\t\t\t\t<\/div>\n\t\t\t\t\t<\/div>\n\t\t<\/div>\n\t\t\t\t\t<\/div>\n\t\t<\/section>\n\t\t\t\t<\/div>\n\t\t","protected":false},"excerpt":{"rendered":"<p>Foires aux questions ou FAQ<\/p>","protected":false},"author":1,"featured_media":0,"parent":0,"menu_order":0,"comment_status":"closed","ping_status":"closed","template":"elementor_header_footer","meta":{"footnotes":""},"class_list":["post-137340","page","type-page","status-publish","hentry"],"yoast_head":"<!-- This site is optimized with the Yoast SEO plugin v27.5 - https:\/\/yoast.com\/product\/yoast-seo-wordpress\/ -->\n<title>FAQ \u2013 Chambre d\u2019h\u00f4tes Au Pont d&#039;Olt \u2013 Aveyron - Cintia et Alex - Au Pont d Olt<\/title>\n<meta name=\"robots\" content=\"index, follow, max-snippet:-1, max-image-preview:large, max-video-preview:-1\" \/>\n<link rel=\"canonical\" href=\"https:\/\/aupontdolt.fr\/en\/faqpage\/\" \/>\n<meta property=\"og:locale\" content=\"en_GB\" \/>\n<meta property=\"og:type\" content=\"article\" \/>\n<meta property=\"og:title\" content=\"FAQ \u2013 Chambre d\u2019h\u00f4tes Au Pont d&#039;Olt \u2013 Aveyron - Cintia et Alex - Au Pont d Olt\" \/>\n<meta property=\"og:description\" content=\"Foires aux questions ou FAQ\" \/>\n<meta property=\"og:url\" content=\"https:\/\/aupontdolt.fr\/en\/faqpage\/\" \/>\n<meta property=\"og:site_name\" content=\"Cintia et Alex - Au Pont d Olt\" \/>\n<meta property=\"article:publisher\" content=\"https:\/\/www.facebook.com\/aupontdolt\" \/>\n<meta property=\"article:modified_time\" content=\"2025-08-15T08:29:00+00:00\" \/>\n<meta name=\"twitter:card\" content=\"summary_large_image\" \/>\n<meta name=\"twitter:label1\" content=\"Estimated reading time\" \/>\n\t<meta name=\"twitter:data1\" content=\"2 minutes\" \/>\n<script type=\"application\/ld+json\" class=\"yoast-schema-graph\">{\"@context\":\"https:\\\/\\\/schema.org\",\"@graph\":[{\"@type\":\"WebPage\",\"@id\":\"https:\\\/\\\/aupontdolt.fr\\\/faqpage\\\/\",\"url\":\"https:\\\/\\\/aupontdolt.fr\\\/faqpage\\\/\",\"name\":\"FAQ \u2013 Chambre d\u2019h\u00f4tes Au Pont d'Olt \u2013 Aveyron - Cintia et Alex - Au Pont d Olt\",\"isPartOf\":{\"@id\":\"https:\\\/\\\/aupontdolt.fr\\\/#website\"},\"datePublished\":\"2025-08-15T05:56:55+00:00\",\"dateModified\":\"2025-08-15T08:29:00+00:00\",\"breadcrumb\":{\"@id\":\"https:\\\/\\\/aupontdolt.fr\\\/faqpage\\\/#breadcrumb\"},\"inLanguage\":\"en-GB\",\"potentialAction\":[{\"@type\":\"ReadAction\",\"target\":[\"https:\\\/\\\/aupontdolt.fr\\\/faqpage\\\/\"]}]},{\"@type\":\"BreadcrumbList\",\"@id\":\"https:\\\/\\\/aupontdolt.fr\\\/faqpage\\\/#breadcrumb\",\"itemListElement\":[{\"@type\":\"ListItem\",\"position\":1,\"name\":\"Accueil\",\"item\":\"https:\\\/\\\/aupontdolt.fr\\\/\"},{\"@type\":\"ListItem\",\"position\":2,\"name\":\"FAQ \u2013 Chambre d\u2019h\u00f4tes Au Pont d&rsquo;Olt \u2013 Aveyron\"}]},{\"@type\":\"WebSite\",\"@id\":\"https:\\\/\\\/aupontdolt.fr\\\/#website\",\"url\":\"https:\\\/\\\/aupontdolt.fr\\\/\",\"name\":\"Cintia et Alex - Au Pont d Olt\",\"description\":\"Un peu de Br\u00e9sil en Aveyron\",\"publisher\":{\"@id\":\"https:\\\/\\\/aupontdolt.fr\\\/#organization\"},\"potentialAction\":[{\"@type\":\"SearchAction\",\"target\":{\"@type\":\"EntryPoint\",\"urlTemplate\":\"https:\\\/\\\/aupontdolt.fr\\\/?s={search_term_string}\"},\"query-input\":{\"@type\":\"PropertyValueSpecification\",\"valueRequired\":true,\"valueName\":\"search_term_string\"}}],\"inLanguage\":\"en-GB\"},{\"@type\":\"Organization\",\"@id\":\"https:\\\/\\\/aupontdolt.fr\\\/#organization\",\"name\":\"Au Pont d'Olt\",\"url\":\"https:\\\/\\\/aupontdolt.fr\\\/\",\"logo\":{\"@type\":\"ImageObject\",\"inLanguage\":\"en-GB\",\"@id\":\"https:\\\/\\\/aupontdolt.fr\\\/#\\\/schema\\\/logo\\\/image\\\/\",\"url\":\"https:\\\/\\\/aupontdolt.fr\\\/wp-content\\\/uploads\\\/2023\\\/03\\\/AU-PONT-DOLT.png\",\"contentUrl\":\"https:\\\/\\\/aupontdolt.fr\\\/wp-content\\\/uploads\\\/2023\\\/03\\\/AU-PONT-DOLT.png\",\"width\":337,\"height\":327,\"caption\":\"Au Pont d'Olt\"},\"image\":{\"@id\":\"https:\\\/\\\/aupontdolt.fr\\\/#\\\/schema\\\/logo\\\/image\\\/\"},\"sameAs\":[\"https:\\\/\\\/www.facebook.com\\\/aupontdolt\"]}]}<\/script>\n<!-- \/ Yoast SEO plugin. -->","yoast_head_json":{"title":"FAQ \u2013 Chambre d\u2019h\u00f4tes Au Pont d'Olt \u2013 Aveyron - Cintia et Alex - Au Pont d Olt","robots":{"index":"index","follow":"follow","max-snippet":"max-snippet:-1","max-image-preview":"max-image-preview:large","max-video-preview":"max-video-preview:-1"},"canonical":"https:\/\/aupontdolt.fr\/en\/faqpage\/","og_locale":"en_GB","og_type":"article","og_title":"FAQ \u2013 Chambre d\u2019h\u00f4tes Au Pont d'Olt \u2013 Aveyron - Cintia et Alex - Au Pont d Olt","og_description":"Foires aux questions ou FAQ","og_url":"https:\/\/aupontdolt.fr\/en\/faqpage\/","og_site_name":"Cintia et Alex - Au Pont d Olt","article_publisher":"https:\/\/www.facebook.com\/aupontdolt","article_modified_time":"2025-08-15T08:29:00+00:00","twitter_card":"summary_large_image","twitter_misc":{"Estimated reading time":"2 minutes"},"schema":{"@context":"https:\/\/schema.org","@graph":[{"@type":"WebPage","@id":"https:\/\/aupontdolt.fr\/faqpage\/","url":"https:\/\/aupontdolt.fr\/faqpage\/","name":"FAQ \u2013 Chambre d\u2019h\u00f4tes Au Pont d'Olt \u2013 Aveyron - Cintia et Alex - Au Pont d Olt","isPartOf":{"@id":"https:\/\/aupontdolt.fr\/#website"},"datePublished":"2025-08-15T05:56:55+00:00","dateModified":"2025-08-15T08:29:00+00:00","breadcrumb":{"@id":"https:\/\/aupontdolt.fr\/faqpage\/#breadcrumb"},"inLanguage":"en-GB","potentialAction":[{"@type":"ReadAction","target":["https:\/\/aupontdolt.fr\/faqpage\/"]}]},{"@type":"BreadcrumbList","@id":"https:\/\/aupontdolt.fr\/faqpage\/#breadcrumb","itemListElement":[{"@type":"ListItem","position":1,"name":"Accueil","item":"https:\/\/aupontdolt.fr\/"},{"@type":"ListItem","position":2,"name":"FAQ \u2013 Chambre d\u2019h\u00f4tes Au Pont d&rsquo;Olt \u2013 Aveyron"}]},{"@type":"WebSite","@id":"https:\/\/aupontdolt.fr\/#website","url":"https:\/\/aupontdolt.fr\/","name":"Cintia et Alex - Au Pont d Olt","description":"Un peu de Br\u00e9sil en Aveyron","publisher":{"@id":"https:\/\/aupontdolt.fr\/#organization"},"potentialAction":[{"@type":"SearchAction","target":{"@type":"EntryPoint","urlTemplate":"https:\/\/aupontdolt.fr\/?s={search_term_string}"},"query-input":{"@type":"PropertyValueSpecification","valueRequired":true,"valueName":"search_term_string"}}],"inLanguage":"en-GB"},{"@type":"Organization","@id":"https:\/\/aupontdolt.fr\/#organization","name":"Au Pont d'Olt","url":"https:\/\/aupontdolt.fr\/","logo":{"@type":"ImageObject","inLanguage":"en-GB","@id":"https:\/\/aupontdolt.fr\/#\/schema\/logo\/image\/","url":"https:\/\/aupontdolt.fr\/wp-content\/uploads\/2023\/03\/AU-PONT-DOLT.png","contentUrl":"https:\/\/aupontdolt.fr\/wp-content\/uploads\/2023\/03\/AU-PONT-DOLT.png","width":337,"height":327,"caption":"Au Pont d'Olt"},"image":{"@id":"https:\/\/aupontdolt.fr\/#\/schema\/logo\/image\/"},"sameAs":["https:\/\/www.facebook.com\/aupontdolt"]}]}},"_links":{"self":[{"href":"https:\/\/aupontdolt.fr\/en\/wp-json\/wp\/v2\/pages\/137340","targetHints":{"allow":["GET"]}}],"collection":[{"href":"https:\/\/aupontdolt.fr\/en\/wp-json\/wp\/v2\/pages"}],"about":[{"href":"https:\/\/aupontdolt.fr\/en\/wp-json\/wp\/v2\/types\/page"}],"author":[{"embeddable":true,"href":"https:\/\/aupontdolt.fr\/en\/wp-json\/wp\/v2\/users\/1"}],"replies":[{"embeddable":true,"href":"https:\/\/aupontdolt.fr\/en\/wp-json\/wp\/v2\/comments?post=137340"}],"version-history":[{"count":14,"href":"https:\/\/aupontdolt.fr\/en\/wp-json\/wp\/v2\/pages\/137340\/revisions"}],"predecessor-version":[{"id":137360,"href":"https:\/\/aupontdolt.fr\/en\/wp-json\/wp\/v2\/pages\/137340\/revisions\/137360"}],"wp:attachment":[{"href":"https:\/\/aupontdolt.fr\/en\/wp-json\/wp\/v2\/media?parent=137340"}],"curies":[{"name":"wp","href":"https:\/\/api.w.org\/{rel}","templated":true}]}}